{"id":2906,"date":"2024-06-26T17:05:34","date_gmt":"2024-06-26T16:05:34","guid":{"rendered":"https:\/\/mrast.nexit.at\/zasady-ochrany-osobnich-udaju\/"},"modified":"2024-11-04T16:27:35","modified_gmt":"2024-11-04T15:27:35","slug":"zasady-ochrany-osobnich-udaju","status":"publish","type":"page","link":"https:\/\/www.m-rast.at\/cs\/zasady-ochrany-osobnich-udaju\/","title":{"rendered":"Z\u00e1sady ochrany osobn\u00edch \u00fadaj\u016f"},"content":{"rendered":"\t\t<div data-elementor-type=\"wp-page\" data-elementor-id=\"2906\" class=\"elementor elementor-2906 elementor-635\" data-elementor-post-type=\"page\">\n\t\t\t\t<div class=\"elementor-element elementor-element-7c54804 e-con-full e-flex e-con e-parent\" data-id=\"7c54804\" data-element_type=\"container\" data-e-type=\"container\" data-settings=\"{&quot;background_background&quot;:&quot;classic&quot;}\">\n\t\t\t\t<div class=\"elementor-element elementor-element-f676b4b elementor-hidden-desktop elementor-hidden-tablet elementor-widget elementor-widget-image\" data-id=\"f676b4b\" data-element_type=\"widget\" data-e-type=\"widget\" data-widget_type=\"image.default\">\n\t\t\t\t<div class=\"elementor-widget-container\">\n\t\t\t\t\t\t\t\t\t\t\t\t\t\t\t<img fetchpriority=\"high\" decoding=\"async\" width=\"300\" height=\"300\" src=\"https:\/\/www.m-rast.at\/wp-content\/uploads\/2024\/06\/logo-kreis-300x300.png\" class=\"attachment-medium size-medium wp-image-2781\" alt=\"\" srcset=\"https:\/\/www.m-rast.at\/wp-content\/uploads\/2024\/06\/logo-kreis-300x300.png 300w, https:\/\/www.m-rast.at\/wp-content\/uploads\/2024\/06\/logo-kreis-150x150.png 150w, https:\/\/www.m-rast.at\/wp-content\/uploads\/2024\/06\/logo-kreis-768x768.png 768w, https:\/\/www.m-rast.at\/wp-content\/uploads\/2024\/06\/logo-kreis.png 1000w\" sizes=\"(max-width: 300px) 100vw, 300px\" \/>\t\t\t\t\t\t\t\t\t\t\t\t\t\t\t<\/div>\n\t\t\t\t<\/div>\n\t\t\t\t<\/div>\n\t\t<div class=\"elementor-element elementor-element-07213dc e-flex e-con-boxed e-con e-parent\" data-id=\"07213dc\" data-element_type=\"container\" data-e-type=\"container\">\n\t\t\t\t\t<div class=\"e-con-inner\">\n\t\t\t\t<div class=\"elementor-element elementor-element-6ef9781 elementor-widget elementor-widget-heading\" data-id=\"6ef9781\" data-element_type=\"widget\" data-e-type=\"widget\" data-widget_type=\"heading.default\">\n\t\t\t\t<div class=\"elementor-widget-container\">\n\t\t\t\t\t<h2 class=\"elementor-heading-title elementor-size-default\">Z\u00e1sady ochrany osobn\u00edch \u00fadaj\u016f<\/h2>\t\t\t\t<\/div>\n\t\t\t\t<\/div>\n\t\t\t\t<div class=\"elementor-element elementor-element-90924fb elementor-widget elementor-widget-text-editor\" data-id=\"90924fb\" data-element_type=\"widget\" data-e-type=\"widget\" data-widget_type=\"text-editor.default\">\n\t\t\t\t<div class=\"elementor-widget-container\">\n\t\t\t\t\t\t\t\t\t<p>Jsme r\u00e1di, \u017ee jste nav\u0161t\u00edvili na\u0161e webov\u00e9 str\u00e1nky, a d\u011bkujeme v\u00e1m za v\u00e1\u0161 z\u00e1jem! Ochrana va\u0161eho soukrom\u00ed p\u0159i pou\u017e\u00edv\u00e1n\u00ed na\u0161ich webov\u00fdch str\u00e1nek je pro n\u00e1s d\u016fle\u017eit\u00e1, proto pros\u00edm v\u011bnujte pozornost n\u00e1sleduj\u00edc\u00edm informac\u00edm o tom, jak nakl\u00e1d\u00e1me s va\u0161imi \u00fadaji. <\/p>\n<p>Proto\u017ee ochran\u011b \u00fadaj\u016f p\u0159ikl\u00e1d\u00e1me velk\u00fd v\u00fdznam, p\u0159i shroma\u017e\u010fov\u00e1n\u00ed, zpracov\u00e1n\u00ed a vyu\u017e\u00edv\u00e1n\u00ed \u00fadaj\u016f p\u0159\u00edsn\u011b dodr\u017eujeme z\u00e1konn\u00e1 ustanoven\u00ed z\u00e1kona o ochran\u011b osobn\u00edch \u00fadaj\u016f.<\/p>\n<p>Ochrana va\u0161ich osobn\u00edch \u00fadaj\u016f je pro n\u00e1s obzvl\u00e1\u0161t\u011b d\u016fle\u017eit\u00e1. Va\u0161e \u00fadaje proto zpracov\u00e1v\u00e1me v\u00fdhradn\u011b na z\u00e1klad\u011b z\u00e1konn\u00fdch ustanoven\u00ed (GDPR, TKG 2003). V t\u011bchto informac\u00edch o ochran\u011b osobn\u00edch \u00fadaj\u016f v\u00e1s informujeme o nejd\u016fle\u017eit\u011bj\u0161\u00edch aspektech zpracov\u00e1n\u00ed \u00fadaj\u016f na na\u0161ich webov\u00fdch str\u00e1nk\u00e1ch.  <\/p>\n<p>Kontakt: Pokud n\u00e1s kontaktujete e-mailem prost\u0159ednictv\u00edm na\u0161ich webov\u00fdch str\u00e1nek, budou v\u00e1mi poskytnut\u00e9 \u00fadaje ulo\u017eeny za \u00fa\u010delem zpracov\u00e1n\u00ed va\u0161eho dotazu a v p\u0159\u00edpad\u011b dal\u0161\u00edch dotaz\u016f. Tyto \u00fadaje nebudeme p\u0159ed\u00e1vat d\u00e1le bez va\u0161eho souhlasu. Pokud vznesete dotaz prost\u0159ednictv\u00edm na\u0161ich webov\u00fdch str\u00e1nek, d\u00e1v\u00e1te n\u00e1m souhlas k tomu, abychom v\u00e1s kontaktovali. E-maily zaslan\u00e9 v\u00e1mi na e-mailov\u00e9 adresy na tomto m\u00e9diu jsou evidov\u00e1ny a p\u0159ed\u00e1v\u00e1ny odpov\u011bdn\u00fdm pracovn\u00edk\u016fm ke zpracov\u00e1n\u00ed. V\u00e1mi poskytnut\u00e9 \u00fadaje budou zkontrolov\u00e1ny z hlediska platnosti a aktu\u00e1lnosti oproti \u00fadaj\u016fm, kter\u00e9 jsou ji\u017e leg\u00e1ln\u011b k dispozici. V p\u0159\u00edpad\u011b pot\u0159eby budou n\u00e1mi ulo\u017een\u00e9 \u00fadaje aktualizov\u00e1ny v souladu s p\u0159edpisy. Va\u0161e \u00fadaje budou p\u0159ed\u00e1ny t\u0159et\u00edm stran\u00e1m pouze v p\u0159\u00edpad\u011b, \u017ee to bude nezbytn\u00e9 pro pln\u011bn\u00ed smluvn\u00edho vztahu.      <br \/>V p\u0159\u00edpad\u011b pot\u0159eby mohou b\u00fdt v r\u00e1mci vyva\u017eov\u00e1n\u00ed z\u00e1jm\u016f ve prosp\u011bch spr\u00e1vce nebo zpracovatele zpracov\u00e1v\u00e1ny \u00fadaje nad r\u00e1mec vlastn\u00edho pln\u011bn\u00ed smlouvy za \u00fa\u010delem ochrany opr\u00e1vn\u011bn\u00fdch z\u00e1jm\u016f spr\u00e1vce nebo zpracovatele, zejm\u00e9na pro konzultace a v\u00fdm\u011bnu \u00fadaj\u016f s \u00fav\u011brov\u00fdmi agenturami za \u00fa\u010delem zji\u0161t\u011bn\u00ed \u00fav\u011bruschopnosti nebo rizika nespl\u00e1cen\u00ed a za \u00fa\u010delem reklamy na vlastn\u00ed produkty, hodnocen\u00ed z\u00e1kazn\u00edk\u016f, pr\u016fzkumu trhu a ve\u0159ejn\u00e9ho m\u00edn\u011bn\u00ed, pokud proti tomu nevznesete n\u00e1mitku v souladu s \u010dl. 21 GDPR. rizika selh\u00e1n\u00ed a za \u00fa\u010delem reklamy na\u0161ich vlastn\u00edch produkt\u016f, hodnocen\u00ed z\u00e1kazn\u00edk\u016f, pr\u016fzkumu trhu a ve\u0159ejn\u00e9ho m\u00edn\u011bn\u00ed, pokud jste proti pou\u017eit\u00ed va\u0161ich \u00fadaj\u016f nevznesli n\u00e1mitku v souladu s \u010dl. 21 GDPR, v r\u00e1mci soudn\u00edho st\u00edh\u00e1n\u00ed pro obhajobu a uplatn\u011bn\u00ed pr\u00e1vn\u00edch n\u00e1rok\u016f, pro da\u0148ov\u00e9 a pr\u00e1vn\u00ed poradenstv\u00ed a IT slu\u017eby.<\/p>\n<p>Newsletter: K odb\u011bru na\u0161eho newsletteru ud\u011blujete samostatn\u00fd, dobrovoln\u00fd a informovan\u00fd souhlas. Tento souhlas m\u016f\u017eete kdykoli odvolat, nap\u0159\u00edklad zasl\u00e1n\u00edm e-mailu. <\/p>\n<p>\u00da\u010dast v sout\u011b\u017ei: Ve\u0161ker\u00e9 informace o aktu\u00e1ln\u00edch mo\u017enostech v\u00fdhry, podm\u00ednk\u00e1ch \u00fa\u010dasti a datu uz\u00e1v\u011brky, jako\u017e i o vylosovan\u00fdch cen\u00e1ch naleznete na internetov\u00e9 adrese<a href=\"http:\/\/www.m-rast.at\/\">www.m-rast.at<\/a> nebo o nich budete informov\u00e1ni tak\u00e9 jako odb\u011bratel\u00e9 newsletteru. Odb\u011br newsletteru nebo SMS je bezplatn\u00fd a lze jej kdykoli zru\u0161it na internetu na adrese <a href=\"http:\/\/www.m-rast.at\/\">www.m-rast.at<\/a> nebo telefonicky na \u010d\u00edsle 03577\/24 888. Na slosov\u00e1n\u00ed o ceny se nevztahuj\u00ed pr\u00e1vn\u00ed n\u00e1roky. V\u00fdm\u011bna pen\u011bz nen\u00ed mo\u017en\u00e1. \u00da\u010dast v sout\u011b\u017ei je nez\u00e1visl\u00e1 na n\u00e1kupu. Pou\u017eit\u00ed va\u0161ich \u00fadaj\u016f pro reklamn\u00ed \u00fa\u010dely za \u00fa\u010delem personalizovan\u00e9 reklamy: \u00da\u010dastn\u00edk sout\u011b\u017ee t\u00edmto v\u00fdslovn\u011b souhlas\u00ed s t\u00edm, \u017ee \u00fadaje poskytnut\u00e9 spole\u010dnosti M-Rastst\u00e4tte Betriebs GmbH (jm\u00e9no a p\u0159\u00edjmen\u00ed, \u00fapln\u00e1 adresa a e-mailov\u00e1 adresa, voliteln\u011b \u010d\u00edslo mobiln\u00edho telefonu) mohou b\u00fdt pou\u017eity pro vlastn\u00ed propagaci zam\u011b\u0159enou na c\u00edlovou skupinu. Reklama bude zas\u00edl\u00e1na prost\u0159ednictv\u00edm newsletteru e-mailem. Dal\u0161\u00ed informace o ochran\u011b osobn\u00edch \u00fadaj\u016f: <a href=\"http:\/\/www.m-rast.at\/impressum.html\">www.m-rast.at\/impressum.html<\/a> V\u00fdherci budou p\u00edsemn\u011b vyrozum\u011bni. \u00da\u010dast\u00ed v sout\u011b\u017ei souhlas\u00edte se zpracov\u00e1n\u00edm a pou\u017eit\u00edm sv\u00fdch \u00fadaj\u016f pro intern\u00ed reklamn\u00ed a marketingov\u00e9 \u00fa\u010dely. Doba uchov\u00e1v\u00e1n\u00ed \u00fadaj\u016f (viz: Doba uchov\u00e1v\u00e1n\u00ed \u00fadaj\u016f). Va\u0161e \u00fadaje budou odpov\u00eddaj\u00edc\u00edm zp\u016fsobem zaneseny do na\u0161\u00ed firemn\u00ed datab\u00e1ze a vypln\u011bn\u00e9 \u00fa\u010dastnick\u00e9 karty budou zalo\u017eeny.          <\/p>\n<p>Kategorie \u00fadaj\u016f a p\u016fvod \u00fadaj\u016f: Zpracov\u00e1v\u00e1me n\u00e1sleduj\u00edc\u00ed kategorie \u00fadaj\u016f, kter\u00e9 jsme od v\u00e1s z\u00edskali: \u00dadaje, kter\u00e9 od v\u00e1s z\u00edsk\u00e1v\u00e1me: hlavn\u00ed osobn\u00ed \u00fadaje, komunika\u010dn\u00ed \u00fadaje (e-mail, adresa, telefonn\u00ed \u010d\u00edslo), DI\u010c, \u00fadaje o smlouv\u011b, platebn\u00ed \u00fadaje. Jako smluvn\u00ed zpracovatel\u00e9 \u00fadaj\u016f se \u0159\u00edd\u00edme p\u0159\u00edslu\u0161n\u00fdmi smlouvami se spr\u00e1vcem \u00fadaj\u016f. <\/p>\n<p>P\u0159ed\u00e1v\u00e1n\u00ed va\u0161ich \u00fadaj\u016f: V r\u00e1mci pln\u011bn\u00ed smlouvy p\u0159ed\u00e1v\u00e1me va\u0161e \u00fadaje na\u0161\u00ed spole\u010dnosti poskytuj\u00edc\u00ed da\u0148ov\u00e9 poradenstv\u00ed a n\u00e1sleduj\u00edc\u00edm kategori\u00edm p\u0159\u00edjemc\u016f, pokud je to nezbytn\u00e9 pro pln\u011bn\u00ed smlouvy: dodavatel\u016fm, p\u0159epravn\u00edm a logistick\u00fdm spole\u010dnostem, auditor\u016fm, inkasn\u00edm agentur\u00e1m, soud\u016fm, finan\u010dn\u00edm \u00fa\u0159ad\u016fm, pr\u00e1vn\u00edk\u016fm, soci\u00e1ln\u00edm poji\u0161\u0165ovn\u00e1m a zejm\u00e9na pro vytvo\u0159en\u00ed a veden\u00ed na\u0161ich z\u00e1kaznick\u00fdch karet M-Rast.<\/p>\n<p>Pr\u00e1va subjektu \u00fadaj\u016f: Pokud jsou spln\u011bny z\u00e1konn\u00e9 po\u017eadavky, m\u00e1te podle \u010dl. 15 a\u017e 22 GDPR n\u00e1sleduj\u00edc\u00ed pr\u00e1va: pr\u00e1vo na p\u0159\u00edstup, opravu, v\u00fdmaz, omezen\u00ed zpracov\u00e1n\u00ed a p\u0159enositelnost \u00fadaj\u016f. D\u00e1le m\u00e1te pr\u00e1vo vzn\u00e9st n\u00e1mitku proti zpracov\u00e1n\u00ed na z\u00e1klad\u011b \u010dl. 6 odst. 1 p\u00edsm. f) GDPR v souladu s \u010dl. 14 odst. 2 p\u00edsm. c) ve spojen\u00ed s \u010dl. 21 GDPR. Pokud se domn\u00edv\u00e1te, \u017ee zpracov\u00e1n\u00ed va\u0161ich \u00fadaj\u016f poru\u0161uje z\u00e1kon o ochran\u011b osobn\u00edch \u00fadaj\u016f nebo byly jinak poru\u0161eny va\u0161e n\u00e1roky na ochranu osobn\u00edch \u00fadaj\u016f, m\u016f\u017eete podat st\u00ed\u017enost u dozorov\u00e9ho \u00fa\u0159adu. V Rakousku je t\u00edmto org\u00e1nem \u00fa\u0159ad pro ochranu osobn\u00edch \u00fadaj\u016f.     <\/p>\n<p>Va\u0161e pr\u00e1va: Jako u\u017eivatel\/subjekt \u00fadaj\u016f m\u00e1te v souladu s platn\u00fdmi z\u00e1konn\u00fdmi ustanoven\u00edmi o ochran\u011b \u00fadaj\u016f [GDPR; DSG 2018] v\u017edy n\u00e1sleduj\u00edc\u00ed pr\u00e1va: Pr\u00e1vo na informace (\u010dl. 15 GDPR) M\u00e1te pr\u00e1vo na informace o \u00fadaj\u00edch, kter\u00e9 jsou o v\u00e1s ulo\u017eeny, o jejich p\u016fvodu a p\u0159\u00edjemc\u00edch a o \u00fa\u010delu zpracov\u00e1n\u00ed \u00fadaj\u016f.<\/p>\n<p>Informace o ulo\u017een\u00fdch \u00fadaj\u00edch obdr\u017e\u00edte na z\u00e1klad\u011b \u017e\u00e1dosti zaslan\u00e9 e-mailem na n\u00e1\u0161 e-mail. Pr\u00e1vo na opravu (\u010dl. 16 GDPR) M\u00e1te pr\u00e1vo na opravu \u00fadaj\u016f, kter\u00e9 jsou o v\u00e1s ulo\u017eeny, a to kdykoli.<\/p>\n<p>Pro opravu \u00fadaj\u016f n\u00e1s pros\u00edm kontaktujte e-mailem. Pr\u00e1vo na v\u00fdmaz (&#8220;b\u00fdt zapomenut&#8221;) (\u010dl. 17 GDPR) M\u00e1te pr\u00e1vo na v\u00fdmaz \u00fadaj\u016f, kter\u00e9 jsou o v\u00e1s ulo\u017eeny, a to kdykoli.<\/p>\n<p>Pro vymaz\u00e1n\u00ed va\u0161ich \u00fadaj\u016f n\u00e1s pros\u00edm kontaktujte e-mailem. Pr\u00e1vo na omezen\u00ed zpracov\u00e1n\u00ed (\u010dl. 18 GDPR) M\u00e1te pr\u00e1vo kdykoli omezit zpracov\u00e1n\u00ed va\u0161ich osobn\u00edch \u00fadaj\u016f, kter\u00e9 uchov\u00e1v\u00e1me.<\/p>\n<p>Kontaktujte n\u00e1s pros\u00edm e-mailem, abychom omezili zpracov\u00e1n\u00ed va\u0161ich \u00fadaj\u016f. Pr\u00e1vo na p\u0159enositelnost \u00fadaj\u016f (\u010dl. 20 GDPR) M\u00e1te pr\u00e1vo kdykoli obdr\u017eet osobn\u00ed \u00fadaje, kter\u00e9 se v\u00e1s t\u00fdkaj\u00ed, ve strukturovan\u00e9m, b\u011b\u017en\u011b pou\u017e\u00edvan\u00e9m a strojov\u011b \u010diteln\u00e9m form\u00e1tu a m\u00e1te pr\u00e1vo tyto \u00fadaje bez p\u0159ek\u00e1\u017eek p\u0159edat jin\u00e9mu spr\u00e1vci.<\/p>\n<p>V souvislosti s pr\u00e1vem na p\u0159enositelnost \u00fadaj\u016f n\u00e1s pros\u00edm kontaktujte e-mailem. Pr\u00e1vo vzn\u00e9st n\u00e1mitku (\u010dl. 21 GDPR) M\u00e1te pr\u00e1vo kdykoli vzn\u00e9st n\u00e1mitku proti pou\u017e\u00edv\u00e1n\u00ed va\u0161ich ulo\u017een\u00fdch osobn\u00edch \u00fadaj\u016f.<br \/>Kontaktujte n\u00e1s pros\u00edm e-mailem ohledn\u011b uplatn\u011bn\u00ed pr\u00e1va vzn\u00e9st n\u00e1mitku proti pou\u017e\u00edv\u00e1n\u00ed va\u0161ich \u00fadaj\u016f. Odvol\u00e1n\u00ed souhlasu Va\u0161e pr\u00e1va jsou pro n\u00e1s d\u016fle\u017eit\u00e1. M\u00e1te pr\u00e1vo na informace, opravu nebo vymaz\u00e1n\u00ed sv\u00fdch ulo\u017een\u00fdch \u00fadaj\u016f kdykoli. Souhlas s pou\u017e\u00edv\u00e1n\u00edm va\u0161ich \u00fadaj\u016f m\u016f\u017eete kdykoli odvolat zasl\u00e1n\u00edm e-mailu.        <\/p>\n<p>Webov\u00e1 anal\u00fdza\/cookies: Na\u0161e webov\u00e9 str\u00e1nky vyu\u017e\u00edvaj\u00ed funkce slu\u017eby webov\u00e9 anal\u00fdzy Google Analytics. K tomuto \u00fa\u010delu se pou\u017e\u00edvaj\u00ed soubory cookie, kter\u00e9 umo\u017e\u0148uj\u00ed analyzovat va\u0161e pou\u017e\u00edv\u00e1n\u00ed webov\u00fdch str\u00e1nek.<\/p>\n<p>Takto z\u00edskan\u00e9 informace jsou p\u0159en\u00e1\u0161eny na server poskytovatele a tam ukl\u00e1d\u00e1ny. Tomu m\u016f\u017eete zabr\u00e1nit nastaven\u00edm prohl\u00ed\u017ee\u010de tak, aby se \u017e\u00e1dn\u00e9 cookies neukl\u00e1daly. S poskytovatelem jsme uzav\u0159eli p\u0159\u00edslu\u0161nou smlouvu o pov\u011b\u0159en\u00e9m zpracov\u00e1n\u00ed \u00fadaj\u016f. Va\u0161e IP adresa je zaznamen\u00e1na, ale okam\u017eit\u011b pseudonymizov\u00e1na.<\/p>\n<p>To znamen\u00e1, \u017ee je mo\u017en\u00e1 pouze hrub\u00e1 lokalizace. Zpracov\u00e1n\u00ed \u00fadaj\u016f se prov\u00e1d\u00ed na z\u00e1klad\u011b pr\u00e1vn\u00edch ustanoven\u00ed \u00a7 96 odst. 3 TKG a \u010dl. 6 odst. 1 p\u00edsm. a (souhlas) a\/nebo f (opr\u00e1vn\u011bn\u00fd z\u00e1jem) GDPR. Na\u0161\u00edm z\u00e1jmem ve smyslu GDPR (opr\u00e1vn\u011bn\u00fd z\u00e1jem) je zlep\u0161en\u00ed na\u0161\u00ed nab\u00eddky a na\u0161ich webov\u00fdch str\u00e1nek. Proto\u017ee je pro n\u00e1s soukrom\u00ed na\u0161ich u\u017eivatel\u016f d\u016fle\u017eit\u00e9, jsou \u00fadaje u\u017eivatel\u016f pseudonymizov\u00e1ny.    <\/p>\n<p>Pou\u017eit\u00ed \u00fadaj\u016f pro reklamn\u00ed \u00fa\u010dely: Personalizovan\u00e1 reklama: U\u017eivatel t\u00edmto v\u00fdslovn\u011b souhlas\u00ed s t\u00edm, \u017ee \u00fadaje p\u0159edan\u00e9 spole\u010dnosti M-Rastst\u00e4tte Betriebs GmbH mohou b\u00fdt pou\u017eity pro vlastn\u00ed propagaci zam\u011b\u0159enou na c\u00edlovou skupinu a v p\u0159\u00edpad\u011b pot\u0159eby pro vlastn\u00ed propagaci partnersk\u00fdch spole\u010dnost\u00ed, p\u0159i\u010dem\u017e u\u017eivateli budou zas\u00edl\u00e1ny reklamn\u00ed sd\u011blen\u00ed nebo, pokud si to p\u0159edem vy\u017e\u00e1d\u00e1 a objedn\u00e1, informa\u010dn\u00ed bulletiny e-mailem nebo na jeho u\u017eivatelsk\u00fd \u00fa\u010det.<\/p>\n<p>M\u016f\u017eete n\u00e1s kontaktovat na n\u00e1sleduj\u00edc\u00edch kontaktn\u00edch \u00fadaj\u00edch nebo na toto\u017enost odpov\u011bdn\u00e9 osoby: M-Rastst\u00e4tte Betriebs GmbH A-8740 Zeltweg, Hauptstra\u00dfe 242, Rakousko Telefon: +43 3577\/24 888, Fax: +43 3577\/24 888-705 Fritz Mayer<\/p>\n<p>Z\u00e1suvn\u00e9 moduly a widgety pro soci\u00e1ln\u00ed m\u00e9dia: Integrujeme z\u00e1suvn\u00e9 moduly pro Facebook, Twitter, Pinterest a dal\u0161\u00ed soci\u00e1ln\u00ed m\u00e9dia na platform\u011b. Pokud kliknete na tla\u010d\u00edtko &#8220;To se mi l\u00edb\u00ed&#8221; na Facebooku, plat\u00ed ustanoven\u00ed Facebooku o ochran\u011b osobn\u00edch \u00fadaj\u016f.<\/p>\n<p>Pokud jste p\u0159ihl\u00e1\u0161eni na Facebooku a na platform\u011b sou\u010dasn\u011b, Facebook propoj\u00ed va\u0161e pou\u017e\u00edv\u00e1n\u00ed slu\u017eeb s va\u0161\u00edm \u00fa\u010dtem na Facebooku. Platforma integruje z\u00e1suvn\u00e9 moduly pro soci\u00e1ln\u00ed m\u00e9dia, nap\u0159\u00edklad: a) Facebook, 1601 South California Avenue, Palo Alto, CA 94304, USA; b) Instagram, LLC, 1601 1601 Willow Rd.<\/p>\n<p>Menlo Park, CA 94025; c) Twitter, 1355 Market Street, Suite 900, San Francisco, CA 94103, USA; nebo d) Pinterest, 808 Brannan Street, San Francisco, CA 94103, USA. Tyto pluginy mohou shroma\u017e\u010fovat IP adresu u\u017eivatele a str\u00e1nku, kterou u\u017eivatel na platform\u011b nav\u0161t\u00edvil, a mohou nastavit soubor cookie, aby funkce spr\u00e1vn\u011b fungovala. Z\u00e1suvn\u00e9 moduly soci\u00e1ln\u00edch m\u00e9di\u00ed a widgety jsou bu\u010f hostov\u00e1ny t\u0159et\u00edmi stranami, nebo p\u0159\u00edmo na na\u0161ich webov\u00fdch str\u00e1nk\u00e1ch. Interakce u\u017eivatele s t\u011bmito funkcemi se \u0159\u00edd\u00ed z\u00e1sadami ochrany osobn\u00edch \u00fadaj\u016f spole\u010dnosti, kter\u00e1 funkci poskytuje.<br \/>Nejsme zodpov\u011bdn\u00ed za z\u00e1sady a postupy t\u00fdkaj\u00edc\u00ed se shroma\u017e\u010fov\u00e1n\u00ed, pou\u017e\u00edv\u00e1n\u00ed, zve\u0159ej\u0148ov\u00e1n\u00ed, v\u010detn\u011b postup\u016f zabezpe\u010den\u00ed \u00fadaj\u016f jin\u00fdch spole\u010dnost\u00ed, jako jsou Facebook, Twitter, Pinterest a dal\u0161\u00ed. U\u017eivatel\u00e9 mohou rozpoznat pluginy Facebooku nap\u0159\u00edklad podle loga Facebooku nebo dodatku &#8220;Facebook Social Plugin&#8221; nebo tla\u010d\u00edtka &#8220;Like-Button&#8221; na platform\u011b.<br \/>P\u0159ehled plugin\u016f Facebooku naleznete na n\u00e1sleduj\u00edc\u00ed str\u00e1nce: <a href=\"http:\/\/developers.facebook.com\/docs\/plugins\/\">http:\/\/developers.facebook.com\/docs\/plugins\/<\/a>. Pou\u017eit\u00edm pluginu, nap\u0159\u00edklad kliknut\u00edm na tla\u010d\u00edtko &#8220;To se mi l\u00edb\u00ed&#8221; nebo zad\u00e1n\u00edm koment\u00e1\u0159e, kdy\u017e je u\u017eivatel p\u0159ihl\u00e1\u0161en ke sv\u00e9mu \u00fa\u010dtu na Facebooku, propojuje u\u017eivatel obsah platformy se sv\u00fdm profilem na Facebooku. T\u00edmto zp\u016fsobem m\u016f\u017ee Facebook propojit n\u00e1v\u0161t\u011bvu platformy s \u00fa\u010dtem p\u0159\u00edslu\u0161n\u00e9ho u\u017eivatele. Nezn\u00e1me obsah p\u0159en\u00e1\u0161en\u00fdch \u00fadaj\u016f ani zp\u016fsob, jak\u00fdm Facebook tyto \u00fadaje vyu\u017e\u00edv\u00e1.<\/p>\n<p>V\u00edce informac\u00ed k tomuto t\u00e9matu naleznete na n\u00e1sleduj\u00edc\u00ed str\u00e1nce: <a href=\"http:\/\/www.facebook.com\/about\/privacy\/\">http:\/\/www.facebook.com\/about\/privacy\/.<\/a> Pokud si u\u017eivatel p\u0159eje zabr\u00e1nit tomu, aby Facebook propojil jeho n\u00e1v\u0161t\u011bvy a aktivity na platform\u011b s jeho \u00fa\u010dtem na Facebooku, mus\u00ed se ze sv\u00e9ho \u00fa\u010dtu na Facebooku odhl\u00e1sit. Pou\u017e\u00edv\u00e1n\u00ed vlastn\u00edch publik Facebooku Popis a rozsah zpracov\u00e1n\u00ed \u00fadaj\u016f Tato webov\u00e1 str\u00e1nka s va\u0161\u00edm souhlasem pou\u017e\u00edv\u00e1 tak\u00e9 &#8220;Vlastn\u00ed publika ze seznam\u016f z\u00e1kazn\u00edk\u016f&#8221; od spole\u010dnosti Facebook Inc,<br \/>1 Hacker Way, Menlo Park, California 94025, USA. S jejich pomoc\u00ed m\u016f\u017ee Facebook c\u00edlit na\u0161e reklamy na odb\u011bratele newsletteru, kte\u0159\u00ed jsou zaregistrov\u00e1ni na Facebooku. To n\u00e1m umo\u017e\u0148uje c\u00edlit reklamy na osoby, kter\u00e9 ji\u017e projevily z\u00e1jem o na\u0161e produkty nebo na\u0161i spole\u010dnost. Tyto \u00fadaje jsou za\u0161ifrov\u00e1ny a p\u0159ed\u00e1v\u00e1ny spole\u010dnosti Facebook v za\u0161ifrovan\u00e9 podob\u011b. Facebook porovn\u00e1v\u00e1 hodnoty hash seznamu z\u00e1kazn\u00edk\u016f s hodnotami hash sv\u00fdch vlastn\u00edch u\u017eivatelsk\u00fdch dat, kter\u00e1 ji\u017e m\u00e1 na sklad\u011b. Spole\u010dnost Facebook pot\u00e9 zkontroluje shodn\u00e9 \u00fadaje, aby zjistila, zda se n\u011bkomu je\u0161t\u011b nel\u00edb\u00ed na\u0161e str\u00e1nka na Facebooku, a t\u011bmto u\u017eivatel\u016fm Facebooku doru\u010d\u00ed na\u0161e reklamy.               Dal\u0161\u00ed informace o shroma\u017e\u010fov\u00e1n\u00ed a pou\u017e\u00edv\u00e1n\u00ed \u00fadaj\u016f, \u00fa\u010delu a rozsahu shroma\u017e\u010fov\u00e1n\u00ed \u00fadaj\u016f a dal\u0161\u00edm zpracov\u00e1n\u00ed a pou\u017e\u00edv\u00e1n\u00ed \u00fadaj\u016f spole\u010dnost\u00ed Facebook, jako\u017e i o mo\u017enostech nastaven\u00ed ochrany va\u0161eho soukrom\u00ed a pr\u00e1v, naleznete v z\u00e1sad\u00e1ch ochrany osobn\u00edch \u00fadaj\u016f spole\u010dnosti Facebook, kter\u00e9 jsou k dispozici mimo jin\u00e9 na <a href=\"https:\/\/www.facebook.com\/ads\/website_custom_audiences\">adrese https:\/\/www.facebook.com\/ads\/website_custom_audiences<\/a> a <a href=\"https:\/\/www.facebook.com\/privacy\/explanation\">https:\/\/www.facebook.com\/privacy\/explanation<\/a>.<\/p>\n<p>Pr\u00e1vn\u00ed z\u00e1klad pro zpracov\u00e1n\u00ed \u00fadaj\u016f Pr\u00e1vn\u00edm z\u00e1kladem pro zpracov\u00e1n\u00ed \u00fadaj\u016f je n\u00e1\u0161 opr\u00e1vn\u011bn\u00fd z\u00e1jem ve smyslu \u010dl. 6 odst. 1 p\u00edsm. f) GDPR.<\/p>\n<p>\u00da\u010del zpracov\u00e1n\u00ed \u00fadaj\u016f Tyto \u00fadaje jsou zpracov\u00e1v\u00e1ny pro reklamn\u00ed \u00fa\u010dely na\u0161\u00ed spole\u010dnosti a pro zv\u00fd\u0161en\u00ed efektivity na\u0161ich webov\u00fdch str\u00e1nek.<br \/>P\u0159enos dat<br \/>Tyto osobn\u00ed \u00fadaje jsou p\u0159ed\u00e1v\u00e1ny n\u00e1sleduj\u00edc\u00edm p\u0159\u00edjemc\u016fm pro v\u00fd\u0161e uveden\u00e9 \u00fa\u010dely:<br \/>Facebook Inc, 1 Hacker Way, Menlo Park, California 94025, USA Poskytovatel slu\u017eby Facebook Custom Audiences.<br \/>P\u0159enos dat do USA<br \/>S va\u0161\u00edm souhlasem pou\u017e\u00edv\u00e1me Facebook Custom Audiences od spole\u010dnosti Facebook Inc, 1 Hacker Way, Menlo Park, California 94025, USA k zobrazov\u00e1n\u00ed reklam na Facebooku. Va\u0161e \u00fadaje budou p\u0159ed\u00e1ny spole\u010dnosti Facebook Inc. v USA. Facebook Inc. je spole\u010dnost, kter\u00e1 byla zaps\u00e1na na seznam Privacy Shield v souladu se \u0161t\u00edtem na ochranu soukrom\u00ed. \u0160t\u00edt EU-USA na ochranu soukrom\u00ed byl p\u0159ijat Evropskou komis\u00ed rozhodnut\u00edm o p\u0159im\u011b\u0159enosti C(2016) 4176 final ze dne 12. \u010dervence 2016. Spole\u010dnost Facebook Inc. proto poskytuje odpov\u00eddaj\u00edc\u00ed z\u00e1ruky pro p\u0159ed\u00e1v\u00e1n\u00ed \u00fadaj\u016f do USA. Dal\u0161\u00ed informace naleznete na ofici\u00e1ln\u00edch webov\u00fdch str\u00e1nk\u00e1ch \u0160t\u00edtu na ochranu soukrom\u00ed  <a href=\"https:\/\/www.privacyshield.gov\/\">https:\/\/www.privacyshield.gov<\/a>  p\u0159evz\u00edt.<\/p>\n<p>Doba ulo\u017een\u00ed \u00dadaje jsou vymaz\u00e1ny, jakmile ji\u017e nejsou pot\u0159ebn\u00e9 k napln\u011bn\u00ed \u00fa\u010delu, pro kter\u00fd byly shrom\u00e1\u017ed\u011bny.<\/p>\n<p>Zabezpe\u010den\u00ed Va\u0161e \u00fadaje chr\u00e1n\u00edme pomoc\u00ed technick\u00fdch a organiza\u010dn\u00edch bezpe\u010dnostn\u00edch opat\u0159en\u00ed, abychom zabr\u00e1nili n\u00e1hodn\u00e9 nebo \u00famysln\u00e9 manipulaci, ztr\u00e1t\u011b, zni\u010den\u00ed nebo p\u0159\u00edstupu neopr\u00e1vn\u011bn\u00fdch osob. Na\u0161e bezpe\u010dnostn\u00ed opat\u0159en\u00ed, jako je \u0161ifrov\u00e1n\u00ed dat, jsou pravideln\u011b zdokonalov\u00e1na v souladu s technologick\u00fdm v\u00fdvojem. <\/p>\n<p>V\u00fdhrada: Abychom dost\u00e1li neust\u00e1l\u00e9mu v\u00fdvoji internetu, m\u016f\u017eeme toto prohl\u00e1\u0161en\u00ed o ochran\u011b \u00fadaj\u016f kdykoli upravit v souladu s p\u0159edpisy o ochran\u011b \u00fadaj\u016f.<\/p>\n<p>Pr\u00e1vo podat st\u00ed\u017enost u dozorov\u00e9ho \u00fa\u0159adu: V souladu s \u010dl. 77 GDPR m\u00e1te pr\u00e1vo podat st\u00ed\u017enost u dozorov\u00e9ho \u00fa\u0159adu, pokud se domn\u00edv\u00e1te, \u017ee jsou va\u0161e osobn\u00ed \u00fadaje zpracov\u00e1v\u00e1ny protipr\u00e1vn\u011b.<br \/>Adresa dozorov\u00e9ho \u00fa\u0159adu p\u0159\u00edslu\u0161n\u00e9ho pro na\u0161i spole\u010dnost je: Rakousk\u00fd \u00fa\u0159ad pro ochranu osobn\u00edch \u00fadaj\u016f Wickenburggasse 8, 1080 V\u00edde\u0148. <\/p>\n\t\t\t\t\t\t\t\t<\/div>\n\t\t\t\t<\/div>\n\t\t\t\t\t<\/div>\n\t\t\t\t<\/div>\n\t\t\t\t<\/div>\n\t\t","protected":false},"excerpt":{"rendered":"<p>Jsme r\u00e1di, \u017ee jste nav\u0161t\u00edvili na\u0161e webov\u00e9 str\u00e1nky, a d\u011bkujeme v\u00e1m za v\u00e1\u0161 z\u00e1jem! Ochrana va\u0161eho soukrom\u00ed p\u0159i pou\u017e\u00edv\u00e1n\u00ed na\u0161ich webov\u00fdch str\u00e1nek je pro n\u00e1s d\u016fle\u017eit\u00e1, proto pros\u00edm v\u011bnujte pozornost n\u00e1sleduj\u00edc\u00edm informac\u00edm o tom, jak nakl\u00e1d\u00e1me s va\u0161imi \u00fadaji. Proto\u017ee ochran\u011b \u00fadaj\u016f p\u0159ikl\u00e1d\u00e1me velk\u00fd v\u00fdznam, p\u0159i shroma\u017e\u010fov\u00e1n\u00ed, zpracov\u00e1n\u00ed a vyu\u017e\u00edv\u00e1n\u00ed \u00fadaj\u016f p\u0159\u00edsn\u011b dodr\u017eujeme z\u00e1konn\u00e1 ustanoven\u00ed [&hellip;]<\/p>\n","protected":false},"author":1,"featured_media":0,"parent":0,"menu_order":0,"comment_status":"closed","ping_status":"closed","template":"","meta":{"_acf_changed":false,"_eb_attr":"","footnotes":""},"class_list":["post-2906","page","type-page","status-publish","hentry"],"acf":[],"_links":{"self":[{"href":"https:\/\/www.m-rast.at\/cs\/wp-json\/wp\/v2\/pages\/2906","targetHints":{"allow":["GET"]}}],"collection":[{"href":"https:\/\/www.m-rast.at\/cs\/wp-json\/wp\/v2\/pages"}],"about":[{"href":"https:\/\/www.m-rast.at\/cs\/wp-json\/wp\/v2\/types\/page"}],"author":[{"embeddable":true,"href":"https:\/\/www.m-rast.at\/cs\/wp-json\/wp\/v2\/users\/1"}],"replies":[{"embeddable":true,"href":"https:\/\/www.m-rast.at\/cs\/wp-json\/wp\/v2\/comments?post=2906"}],"version-history":[{"count":0,"href":"https:\/\/www.m-rast.at\/cs\/wp-json\/wp\/v2\/pages\/2906\/revisions"}],"wp:attachment":[{"href":"https:\/\/www.m-rast.at\/cs\/wp-json\/wp\/v2\/media?parent=2906"}],"curies":[{"name":"wp","href":"https:\/\/api.w.org\/{rel}","templated":true}]}}